{"id":276,"date":"2023-06-22T13:46:00","date_gmt":"2023-06-22T17:46:00","guid":{"rendered":"https:\/\/trynova.org\/?post_type=events&#038;p=276"},"modified":"2026-03-12T14:59:28","modified_gmt":"2026-03-12T18:59:28","slug":"national-crime-victims-rights-week","status":"publish","type":"events","link":"https:\/\/trynova.org\/es\/events\/national-crime-victims-rights-week\/","title":{"rendered":"Semana Nacional de los Derechos de las V\u00edctimas del Crimen"},"content":{"rendered":"<div data-elementor-type=\"wp-post\" data-elementor-id=\"276\" class=\"elementor elementor-276\" data-elementor-settings=\"{&quot;ha_cmc_init_switcher&quot;:&quot;no&quot;}\" data-elementor-post-type=\"events\">\n\t\t\t\t<div data-particle_enable=\"false\" data-particle-mobile-disabled=\"false\" class=\"elementor-element elementor-element-7f329707 e-flex e-con-boxed e-con e-parent\" data-id=\"7f329707\" data-element_type=\"container\" data-e-type=\"container\" data-settings=\"{&quot;background_background&quot;:&quot;classic&quot;,&quot;_ha_eqh_enable&quot;:false}\">\n\t\t\t\t\t<div class=\"e-con-inner\">\n\t\t\t\t<div class=\"elementor-element elementor-element-7385a441 elementor-widget elementor-widget-heading\" data-id=\"7385a441\" data-element_type=\"widget\" data-e-type=\"widget\" data-widget_type=\"heading.default\">\n\t\t\t\t<div class=\"elementor-widget-container\">\n\t\t\t\t\t<h1 class=\"elementor-heading-title elementor-size-default\">Honoring Survivors of Crime and Advancing Their Rights<\/h1>\t\t\t\t<\/div>\n\t\t\t\t<\/div>\n\t\t\t\t\t<\/div>\n\t\t\t\t<\/div>\n\t\t<div data-particle_enable=\"false\" data-particle-mobile-disabled=\"false\" class=\"elementor-element elementor-element-c187aba e-flex e-con-boxed e-con e-parent\" data-id=\"c187aba\" data-element_type=\"container\" data-e-type=\"container\" data-settings=\"{&quot;_ha_eqh_enable&quot;:false}\">\n\t\t\t\t\t<div class=\"e-con-inner\">\n\t\t\t\t<div class=\"elementor-element elementor-element-464ca916 elementor-widget elementor-widget-heading\" data-id=\"464ca916\" data-element_type=\"widget\" data-e-type=\"widget\" data-widget_type=\"heading.default\">\n\t\t\t\t<div class=\"elementor-widget-container\">\n\t\t\t\t\t<h1 class=\"elementor-heading-title elementor-size-default\">2026 Field-Generated NCVRW<\/h1>\t\t\t\t<\/div>\n\t\t\t\t<\/div>\n\t\t\t\t<div class=\"elementor-element elementor-element-38c32af elementor-widget elementor-widget-heading\" data-id=\"38c32af\" data-element_type=\"widget\" data-e-type=\"widget\" data-widget_type=\"heading.default\">\n\t\t\t\t<div class=\"elementor-widget-container\">\n\t\t\t\t\t<h2 class=\"elementor-heading-title elementor-size-default\">LEARN MORE AND JOIN THE MOVEMENT<\/h2>\t\t\t\t<\/div>\n\t\t\t\t<\/div>\n\t\t\t\t<div class=\"elementor-element elementor-element-379483c elementor-widget elementor-widget-text-editor\" data-id=\"379483c\" data-element_type=\"widget\" data-e-type=\"widget\" data-widget_type=\"text-editor.default\">\n\t\t\t\t<div class=\"elementor-widget-container\">\n\t\t\t\t\t\t\t\t\t<h3><span style=\"font-weight: normal;\">El <a href=\"https:\/\/www.uniteforvictimsrights.org\/\">2026 Field-Generated NCVRW <\/a>is a celebration of CommUNITY, where partners across the nation stand side by side to uplift dignity, safety, and healing. Your presence matters. Your work matters. Together, we create something stronger than any one of us could build alone.\u00a0<\/span><\/h3>\t\t\t\t\t\t\t\t<\/div>\n\t\t\t\t<\/div>\n\t\t\t\t<div class=\"elementor-element elementor-element-5db4b86 elementor-widget elementor-widget-text-editor\" data-id=\"5db4b86\" data-element_type=\"widget\" data-e-type=\"widget\" data-widget_type=\"text-editor.default\">\n\t\t\t\t<div class=\"elementor-widget-container\">\n\t\t\t\t\t\t\t\t\t<h3><span style=\"color: inherit; font-size: 2rem; font-weight: normal;\">Visit <\/span><span style=\"color: inherit; font-size: 24px;\"><a href=\"https:\/\/www.uniteforvictimsrights.org\/\">www.uniteforvictimsrights.org<\/a> to learn more about the week, sign up for events (including NOVA&#8217;s Annual 5K), purchase merch, and more!<\/span><\/h3>\t\t\t\t\t\t\t\t<\/div>\n\t\t\t\t<\/div>\n\t\t\t\t<div class=\"elementor-element elementor-element-9cbf8c2 elementor-align-center elementor-widget elementor-widget-button\" data-id=\"9cbf8c2\" data-element_type=\"widget\" data-e-type=\"widget\" data-widget_type=\"button.default\">\n\t\t\t\t<div class=\"elementor-widget-container\">\n\t\t\t\t\t\t\t\t\t<div class=\"elementor-button-wrapper\">\n\t\t\t\t\t<a class=\"elementor-button elementor-button-link elementor-size-sm\" href=\"https:\/\/www.uniteforvictimsrights.org\/\" target=\"_blank\">\n\t\t\t\t\t\t<span class=\"elementor-button-content-wrapper\">\n\t\t\t\t\t\t\t\t\t<span class=\"elementor-button-text\">VISIT THE OFFICIAL NCVRW WEBPAGE!<\/span>\n\t\t\t\t\t<\/span>\n\t\t\t\t\t<\/a>\n\t\t\t\t<\/div>\n\t\t\t\t\t\t\t\t<\/div>\n\t\t\t\t<\/div>\n\t\t\t\t<div class=\"elementor-element elementor-element-3cae37a elementor-align-center elementor-widget elementor-widget-button\" data-id=\"3cae37a\" data-element_type=\"widget\" data-e-type=\"widget\" data-widget_type=\"button.default\">\n\t\t\t\t<div class=\"elementor-widget-container\">\n\t\t\t\t\t\t\t\t\t<div class=\"elementor-button-wrapper\">\n\t\t\t\t\t<a class=\"elementor-button elementor-button-link elementor-size-sm\" href=\"https:\/\/share.hsforms.com\/1_wOYgufITBSGNmo1u2oaRAnpjau\" target=\"_blank\">\n\t\t\t\t\t\t<span class=\"elementor-button-content-wrapper\">\n\t\t\t\t\t\t\t\t\t<span class=\"elementor-button-text\">Sign up to receive updates<\/span>\n\t\t\t\t\t<\/span>\n\t\t\t\t\t<\/a>\n\t\t\t\t<\/div>\n\t\t\t\t\t\t\t\t<\/div>\n\t\t\t\t<\/div>\n\t\t\t\t<div class=\"elementor-element elementor-element-3cbad51 elementor-widget__width-initial ha-has-bg-overlay elementor-widget elementor-widget-spacer\" data-id=\"3cbad51\" data-element_type=\"widget\" data-e-type=\"widget\" data-widget_type=\"spacer.default\">\n\t\t\t\t<div class=\"elementor-widget-container\">\n\t\t\t\t\t\t\t<div class=\"elementor-spacer\">\n\t\t\t<div class=\"elementor-spacer-inner\"><\/div>\n\t\t<\/div>\n\t\t\t\t\t\t<\/div>\n\t\t\t\t<\/div>\n\t\t\t\t<div class=\"elementor-element elementor-element-8f7835c elementor-widget elementor-widget-image\" data-id=\"8f7835c\" data-element_type=\"widget\" data-e-type=\"widget\" data-widget_type=\"image.default\">\n\t\t\t\t<div class=\"elementor-widget-container\">\n\t\t\t\t\t\t\t\t\t\t\t\t\t\t\t<img fetchpriority=\"high\" decoding=\"async\" width=\"800\" height=\"304\" src=\"https:\/\/trynova.org\/wp-content\/uploads\/2023\/06\/Screenshot-2026-01-29-at-2.06.17-PM-1024x389.png\" class=\"attachment-large size-large wp-image-3837\" alt=\"\" srcset=\"https:\/\/trynova.org\/wp-content\/uploads\/2023\/06\/Screenshot-2026-01-29-at-2.06.17-PM-1024x389.png 1024w, https:\/\/trynova.org\/wp-content\/uploads\/2023\/06\/Screenshot-2026-01-29-at-2.06.17-PM-300x114.png 300w, https:\/\/trynova.org\/wp-content\/uploads\/2023\/06\/Screenshot-2026-01-29-at-2.06.17-PM-768x291.png 768w, https:\/\/trynova.org\/wp-content\/uploads\/2023\/06\/Screenshot-2026-01-29-at-2.06.17-PM-1536x583.png 1536w, https:\/\/trynova.org\/wp-content\/uploads\/2023\/06\/Screenshot-2026-01-29-at-2.06.17-PM-2048x777.png 2048w, https:\/\/trynova.org\/wp-content\/uploads\/2023\/06\/Screenshot-2026-01-29-at-2.06.17-PM-18x7.png 18w\" sizes=\"(max-width: 800px) 100vw, 800px\" \/>\t\t\t\t\t\t\t\t\t\t\t\t\t\t\t<\/div>\n\t\t\t\t<\/div>\n\t\t\t\t\t<\/div>\n\t\t\t\t<\/div>\n\t\t<div data-particle_enable=\"false\" data-particle-mobile-disabled=\"false\" class=\"elementor-element elementor-element-6094d0a1 e-flex e-con-boxed e-con e-parent\" data-id=\"6094d0a1\" data-element_type=\"container\" data-e-type=\"container\" data-settings=\"{&quot;background_background&quot;:&quot;classic&quot;,&quot;_ha_eqh_enable&quot;:false}\">\n\t\t\t\t\t<div class=\"e-con-inner\">\n\t\t\t\t<div class=\"elementor-element elementor-element-5bbe6374 elementor-widget elementor-widget-text-editor\" data-id=\"5bbe6374\" data-element_type=\"widget\" data-e-type=\"widget\" data-widget_type=\"text-editor.default\">\n\t\t\t\t<div class=\"elementor-widget-container\">\n\t\t\t\t\t\t\t\t\t<p style=\"text-align: center;\"><em>&#8220;I love NOVA\u2019s NCVRW events and this year was no different! The speakers and content are all so inspiring and help me improve my response as an advocate.&#8221;<\/em><br \/><em>\u2013 2023 NCVRW Attendee<\/em><\/p>\t\t\t\t\t\t\t\t<\/div>\n\t\t\t\t<\/div>\n\t\t\t\t\t<\/div>\n\t\t\t\t<\/div>\n\t\t<div data-particle_enable=\"false\" data-particle-mobile-disabled=\"false\" class=\"elementor-element elementor-element-6d29fb69 e-flex e-con-boxed e-con e-parent\" data-id=\"6d29fb69\" data-element_type=\"container\" data-e-type=\"container\" data-settings=\"{&quot;_ha_eqh_enable&quot;:false}\">\n\t\t\t\t\t<div class=\"e-con-inner\">\n\t\t\t\t<div class=\"elementor-element elementor-element-77b094a elementor-widget elementor-widget-heading\" data-id=\"77b094a\" data-element_type=\"widget\" data-e-type=\"widget\" data-widget_type=\"heading.default\">\n\t\t\t\t<div class=\"elementor-widget-container\">\n\t\t\t\t\t<h2 class=\"elementor-heading-title elementor-size-default\">Join us for NCVRW every April<\/h2>\t\t\t\t<\/div>\n\t\t\t\t<\/div>\n\t\t\t\t<div class=\"elementor-element elementor-element-e4aff26 elementor-widget elementor-widget-text-editor\" data-id=\"e4aff26\" data-element_type=\"widget\" data-e-type=\"widget\" data-widget_type=\"text-editor.default\">\n\t\t\t\t<div class=\"elementor-widget-container\">\n\t\t\t\t\t\t\t\t\t<p><span style=\"font-weight: 400;\">NOVA observes National Crime Victims\u2019 Rights Week during April each year. We offer free webinars and virtual events highlighting survivors of crime and offer opportunities for engagement and connection for those working in the field of victim advocacy, including <a href=\"https:\/\/www.challengehound.com\/join\/a9d60ac0-f933-11ef-ba7e-578b04fc6199\">NOVA\u2019s Annual Virtual 5K<\/a><\/span>.\u00a0<\/p><p style=\"text-align: center;\"><em><a href=\"https:\/\/share.hsforms.com\/1jiOu49-tQaeiuZdobhNQHQnpjau\" target=\"_blank\" rel=\"noopener\">Sign up for email updates to receive info on future observations.<\/a><\/em><\/p>\t\t\t\t\t\t\t\t<\/div>\n\t\t\t\t<\/div>\n\t\t\t\t<div class=\"elementor-element elementor-element-4dd6d780 elementor-widget elementor-widget-heading\" data-id=\"4dd6d780\" data-element_type=\"widget\" data-e-type=\"widget\" data-widget_type=\"heading.default\">\n\t\t\t\t<div class=\"elementor-widget-container\">\n\t\t\t\t\t<h2 class=\"elementor-heading-title elementor-size-default\">Honoring our past, creating hope for our future.<\/h2>\t\t\t\t<\/div>\n\t\t\t\t<\/div>\n\t\t\t\t<div class=\"elementor-element elementor-element-27897df9 elementor-widget elementor-widget-text-editor\" data-id=\"27897df9\" data-element_type=\"widget\" data-e-type=\"widget\" data-widget_type=\"text-editor.default\">\n\t\t\t\t<div class=\"elementor-widget-container\">\n\t\t\t\t\t\t\t\t\t<p><span style=\"font-weight: 400;\">Since 1981, NOVA has promoted and advanced victims\u2019 rights during National Crime Victims\u2019 Rights Week. <\/span><a href=\"https:\/\/soundcloud.com\/user-456843854\/voices-of-advocacy-ep1\" target=\"_blank\" rel=\"noopener\"><span style=\"font-weight: 400;\">Listen to our chat<\/span><\/a><span style=\"font-weight: 400;\"> with NOVA founders and leaders in the victim rights\u2019 movement, Dr. Marlene Young and Mr. John Stein, sharing the history of National Crime Victims\u2019 Rights Week and their vision for the future of the movement.<\/span><\/p>\t\t\t\t\t\t\t\t<\/div>\n\t\t\t\t<\/div>\n\t\t\t\t\t<\/div>\n\t\t\t\t<\/div>\n\t\t<div data-particle_enable=\"false\" data-particle-mobile-disabled=\"false\" class=\"elementor-element elementor-element-3611f393 e-flex e-con-boxed e-con e-parent\" data-id=\"3611f393\" data-element_type=\"container\" data-e-type=\"container\" data-settings=\"{&quot;background_background&quot;:&quot;classic&quot;,&quot;_ha_eqh_enable&quot;:false}\">\n\t\t\t\t\t<div class=\"e-con-inner\">\n\t\t<div data-particle_enable=\"false\" data-particle-mobile-disabled=\"false\" class=\"elementor-element elementor-element-60f159a e-con-full e-flex e-con e-child\" data-id=\"60f159a\" data-element_type=\"container\" data-e-type=\"container\" data-settings=\"{&quot;_ha_eqh_enable&quot;:false}\">\n\t\t\t\t<div class=\"elementor-element elementor-element-e073359 elementor-widget elementor-widget-heading\" data-id=\"e073359\" data-element_type=\"widget\" data-e-type=\"widget\" data-widget_type=\"heading.default\">\n\t\t\t\t<div class=\"elementor-widget-container\">\n\t\t\t\t\t<h2 class=\"elementor-heading-title elementor-size-default\">More about NOVA\u2019s NCVRW Observation<\/h2>\t\t\t\t<\/div>\n\t\t\t\t<\/div>\n\t\t\t\t<div class=\"elementor-element elementor-element-03457f0 elementor-widget__width-inherit elementor-widget elementor-widget-toggle\" data-id=\"03457f0\" data-element_type=\"widget\" data-e-type=\"widget\" data-widget_type=\"toggle.default\">\n\t\t\t\t<div class=\"elementor-widget-container\">\n\t\t\t\t\t\t\t<div class=\"elementor-toggle\">\n\t\t\t\t\t\t\t<div class=\"elementor-toggle-item\">\n\t\t\t\t\t<div id=\"elementor-tab-title-3431\" class=\"elementor-tab-title\" data-tab=\"1\" role=\"button\" aria-controls=\"elementor-tab-content-3431\" aria-expanded=\"false\">\n\t\t\t\t\t\t\t\t\t\t\t\t<span class=\"elementor-toggle-icon elementor-toggle-icon-right\" aria-hidden=\"true\">\n\t\t\t\t\t\t\t\t\t\t\t\t\t\t\t<span class=\"elementor-toggle-icon-closed\"><svg class=\"e-font-icon-svg e-fas-chevron-down\" viewbox=\"0 0 448 512\" xmlns=\"http:\/\/www.w3.org\/2000\/svg\"><path d=\"M207.029 381.476L12.686 187.132c-9.373-9.373-9.373-24.569 0-33.941l22.667-22.667c9.357-9.357 24.522-9.375 33.901-.04L224 284.505l154.745-154.021c9.379-9.335 24.544-9.317 33.901.04l22.667 22.667c9.373 9.373 9.373 24.569 0 33.941L240.971 381.476c-9.373 9.372-24.569 9.372-33.942 0z\"><\/path><\/svg><\/span>\n\t\t\t\t\t\t\t\t<span class=\"elementor-toggle-icon-opened\"><svg class=\"elementor-toggle-icon-opened e-font-icon-svg e-fas-chevron-up\" viewbox=\"0 0 448 512\" xmlns=\"http:\/\/www.w3.org\/2000\/svg\"><path d=\"M240.971 130.524l194.343 194.343c9.373 9.373 9.373 24.569 0 33.941l-22.667 22.667c-9.357 9.357-24.522 9.375-33.901.04L224 227.495 69.255 381.516c-9.379 9.335-24.544 9.317-33.901-.04l-22.667-22.667c-9.373-9.373-9.373-24.569 0-33.941L207.03 130.525c9.372-9.373 24.568-9.373 33.941-.001z\"><\/path><\/svg><\/span>\n\t\t\t\t\t\t\t\t\t\t\t\t\t<\/span>\n\t\t\t\t\t\t\t\t\t\t\t\t<a class=\"elementor-toggle-title\" tabindex=\"0\">Who can attend NOVA\u2019s NCVRW events?<\/a>\n\t\t\t\t\t<\/div>\n\n\t\t\t\t\t<div id=\"elementor-tab-content-3431\" class=\"elementor-tab-content elementor-clearfix\" data-tab=\"1\" role=\"region\" aria-labelledby=\"elementor-tab-title-3431\"><p><span style=\"font-weight: 400;\">All of the events and opportunities we offer throughout NCVRW are open for anyone to register and attend.<\/span><\/p><\/div>\n\t\t\t\t<\/div>\n\t\t\t\t\t\t\t<div class=\"elementor-toggle-item\">\n\t\t\t\t\t<div id=\"elementor-tab-title-3432\" class=\"elementor-tab-title\" data-tab=\"2\" role=\"button\" aria-controls=\"elementor-tab-content-3432\" aria-expanded=\"false\">\n\t\t\t\t\t\t\t\t\t\t\t\t<span class=\"elementor-toggle-icon elementor-toggle-icon-right\" aria-hidden=\"true\">\n\t\t\t\t\t\t\t\t\t\t\t\t\t\t\t<span class=\"elementor-toggle-icon-closed\"><svg class=\"e-font-icon-svg e-fas-chevron-down\" viewbox=\"0 0 448 512\" xmlns=\"http:\/\/www.w3.org\/2000\/svg\"><path d=\"M207.029 381.476L12.686 187.132c-9.373-9.373-9.373-24.569 0-33.941l22.667-22.667c9.357-9.357 24.522-9.375 33.901-.04L224 284.505l154.745-154.021c9.379-9.335 24.544-9.317 33.901.04l22.667 22.667c9.373 9.373 9.373 24.569 0 33.941L240.971 381.476c-9.373 9.372-24.569 9.372-33.942 0z\"><\/path><\/svg><\/span>\n\t\t\t\t\t\t\t\t<span class=\"elementor-toggle-icon-opened\"><svg class=\"elementor-toggle-icon-opened e-font-icon-svg e-fas-chevron-up\" viewbox=\"0 0 448 512\" xmlns=\"http:\/\/www.w3.org\/2000\/svg\"><path d=\"M240.971 130.524l194.343 194.343c9.373 9.373 9.373 24.569 0 33.941l-22.667 22.667c-9.357 9.357-24.522 9.375-33.901.04L224 227.495 69.255 381.516c-9.379 9.335-24.544 9.317-33.901-.04l-22.667-22.667c-9.373-9.373-9.373-24.569 0-33.941L207.03 130.525c9.372-9.373 24.568-9.373 33.941-.001z\"><\/path><\/svg><\/span>\n\t\t\t\t\t\t\t\t\t\t\t\t\t<\/span>\n\t\t\t\t\t\t\t\t\t\t\t\t<a class=\"elementor-toggle-title\" tabindex=\"0\">Is there a cost to attend or register?<\/a>\n\t\t\t\t\t<\/div>\n\n\t\t\t\t\t<div id=\"elementor-tab-content-3432\" class=\"elementor-tab-content elementor-clearfix\" data-tab=\"2\" role=\"region\" aria-labelledby=\"elementor-tab-title-3432\"><p><span style=\"font-weight: 400;\">No. All events and opportunities are free.<\/span><\/p><\/div>\n\t\t\t\t<\/div>\n\t\t\t\t\t\t\t<div class=\"elementor-toggle-item\">\n\t\t\t\t\t<div id=\"elementor-tab-title-3433\" class=\"elementor-tab-title\" data-tab=\"3\" role=\"button\" aria-controls=\"elementor-tab-content-3433\" aria-expanded=\"false\">\n\t\t\t\t\t\t\t\t\t\t\t\t<span class=\"elementor-toggle-icon elementor-toggle-icon-right\" aria-hidden=\"true\">\n\t\t\t\t\t\t\t\t\t\t\t\t\t\t\t<span class=\"elementor-toggle-icon-closed\"><svg class=\"e-font-icon-svg e-fas-chevron-down\" viewbox=\"0 0 448 512\" xmlns=\"http:\/\/www.w3.org\/2000\/svg\"><path d=\"M207.029 381.476L12.686 187.132c-9.373-9.373-9.373-24.569 0-33.941l22.667-22.667c9.357-9.357 24.522-9.375 33.901-.04L224 284.505l154.745-154.021c9.379-9.335 24.544-9.317 33.901.04l22.667 22.667c9.373 9.373 9.373 24.569 0 33.941L240.971 381.476c-9.373 9.372-24.569 9.372-33.942 0z\"><\/path><\/svg><\/span>\n\t\t\t\t\t\t\t\t<span class=\"elementor-toggle-icon-opened\"><svg class=\"elementor-toggle-icon-opened e-font-icon-svg e-fas-chevron-up\" viewbox=\"0 0 448 512\" xmlns=\"http:\/\/www.w3.org\/2000\/svg\"><path d=\"M240.971 130.524l194.343 194.343c9.373 9.373 9.373 24.569 0 33.941l-22.667 22.667c-9.357 9.357-24.522 9.375-33.901.04L224 227.495 69.255 381.516c-9.379 9.335-24.544 9.317-33.901-.04l-22.667-22.667c-9.373-9.373-9.373-24.569 0-33.941L207.03 130.525c9.372-9.373 24.568-9.373 33.941-.001z\"><\/path><\/svg><\/span>\n\t\t\t\t\t\t\t\t\t\t\t\t\t<\/span>\n\t\t\t\t\t\t\t\t\t\t\t\t<a class=\"elementor-toggle-title\" tabindex=\"0\">Will I receive CEUs for attending these events?<\/a>\n\t\t\t\t\t<\/div>\n\n\t\t\t\t\t<div id=\"elementor-tab-content-3433\" class=\"elementor-tab-content elementor-clearfix\" data-tab=\"3\" role=\"region\" aria-labelledby=\"elementor-tab-title-3433\"><p><span style=\"font-weight: 400;\">Attendees of NOVA\u2019s NCVRW webinars and educational workshops will receive CEUs.<\/span><\/p><\/div>\n\t\t\t\t<\/div>\n\t\t\t\t\t\t\t<div class=\"elementor-toggle-item\">\n\t\t\t\t\t<div id=\"elementor-tab-title-3434\" class=\"elementor-tab-title\" data-tab=\"4\" role=\"button\" aria-controls=\"elementor-tab-content-3434\" aria-expanded=\"false\">\n\t\t\t\t\t\t\t\t\t\t\t\t<span class=\"elementor-toggle-icon elementor-toggle-icon-right\" aria-hidden=\"true\">\n\t\t\t\t\t\t\t\t\t\t\t\t\t\t\t<span class=\"elementor-toggle-icon-closed\"><svg class=\"e-font-icon-svg e-fas-chevron-down\" viewbox=\"0 0 448 512\" xmlns=\"http:\/\/www.w3.org\/2000\/svg\"><path d=\"M207.029 381.476L12.686 187.132c-9.373-9.373-9.373-24.569 0-33.941l22.667-22.667c9.357-9.357 24.522-9.375 33.901-.04L224 284.505l154.745-154.021c9.379-9.335 24.544-9.317 33.901.04l22.667 22.667c9.373 9.373 9.373 24.569 0 33.941L240.971 381.476c-9.373 9.372-24.569 9.372-33.942 0z\"><\/path><\/svg><\/span>\n\t\t\t\t\t\t\t\t<span class=\"elementor-toggle-icon-opened\"><svg class=\"elementor-toggle-icon-opened e-font-icon-svg e-fas-chevron-up\" viewbox=\"0 0 448 512\" xmlns=\"http:\/\/www.w3.org\/2000\/svg\"><path d=\"M240.971 130.524l194.343 194.343c9.373 9.373 9.373 24.569 0 33.941l-22.667 22.667c-9.357 9.357-24.522 9.375-33.901.04L224 227.495 69.255 381.516c-9.379 9.335-24.544 9.317-33.901-.04l-22.667-22.667c-9.373-9.373-9.373-24.569 0-33.941L207.03 130.525c9.372-9.373 24.568-9.373 33.941-.001z\"><\/path><\/svg><\/span>\n\t\t\t\t\t\t\t\t\t\t\t\t\t<\/span>\n\t\t\t\t\t\t\t\t\t\t\t\t<a class=\"elementor-toggle-title\" tabindex=\"0\">What is National Crime Victims\u2019 Rights Week?<\/a>\n\t\t\t\t\t<\/div>\n\n\t\t\t\t\t<div id=\"elementor-tab-content-3434\" class=\"elementor-tab-content elementor-clearfix\" data-tab=\"4\" role=\"region\" aria-labelledby=\"elementor-tab-title-3434\"><p><span style=\"font-weight: 400;\">Led by the Office for Victims of Crime (OVC), National Crime Victims\u2019 Rights Week (NCVRW) has challenged the Nation to confront and remove barriers to achieving justice for all victims of crime since 1981. During NCVRW, we celebrate the accomplishments of the victims\u2019 rights movement and reflect on how far we have come. Learn more on <\/span><a href=\"https:\/\/ovc.ojp.gov\/program\/national-crime-victims-rights-week\/overview\" target=\"_blank\" rel=\"noopener\"><span style=\"font-weight: 400;\">OVC\u2019s NCVRW webpage.<\/span><\/a><\/p><\/div>\n\t\t\t\t<\/div>\n\t\t\t\t\t\t\t<div class=\"elementor-toggle-item\">\n\t\t\t\t\t<div id=\"elementor-tab-title-3435\" class=\"elementor-tab-title\" data-tab=\"5\" role=\"button\" aria-controls=\"elementor-tab-content-3435\" aria-expanded=\"false\">\n\t\t\t\t\t\t\t\t\t\t\t\t<span class=\"elementor-toggle-icon elementor-toggle-icon-right\" aria-hidden=\"true\">\n\t\t\t\t\t\t\t\t\t\t\t\t\t\t\t<span class=\"elementor-toggle-icon-closed\"><svg class=\"e-font-icon-svg e-fas-chevron-down\" viewbox=\"0 0 448 512\" xmlns=\"http:\/\/www.w3.org\/2000\/svg\"><path d=\"M207.029 381.476L12.686 187.132c-9.373-9.373-9.373-24.569 0-33.941l22.667-22.667c9.357-9.357 24.522-9.375 33.901-.04L224 284.505l154.745-154.021c9.379-9.335 24.544-9.317 33.901.04l22.667 22.667c9.373 9.373 9.373 24.569 0 33.941L240.971 381.476c-9.373 9.372-24.569 9.372-33.942 0z\"><\/path><\/svg><\/span>\n\t\t\t\t\t\t\t\t<span class=\"elementor-toggle-icon-opened\"><svg class=\"elementor-toggle-icon-opened e-font-icon-svg e-fas-chevron-up\" viewbox=\"0 0 448 512\" xmlns=\"http:\/\/www.w3.org\/2000\/svg\"><path d=\"M240.971 130.524l194.343 194.343c9.373 9.373 9.373 24.569 0 33.941l-22.667 22.667c-9.357 9.357-24.522 9.375-33.901.04L224 227.495 69.255 381.516c-9.379 9.335-24.544 9.317-33.901-.04l-22.667-22.667c-9.373-9.373-9.373-24.569 0-33.941L207.03 130.525c9.372-9.373 24.568-9.373 33.941-.001z\"><\/path><\/svg><\/span>\n\t\t\t\t\t\t\t\t\t\t\t\t\t<\/span>\n\t\t\t\t\t\t\t\t\t\t\t\t<a class=\"elementor-toggle-title\" tabindex=\"0\">What are Victims\u2019 Rights?<\/a>\n\t\t\t\t\t<\/div>\n\n\t\t\t\t\t<div id=\"elementor-tab-content-3435\" class=\"elementor-tab-content elementor-clearfix\" data-tab=\"5\" role=\"region\" aria-labelledby=\"elementor-tab-title-3435\"><p><span style=\"font-weight: 400;\">To ensure that they can participate fully in the criminal justice process, every jurisdiction in the United States gives victims rights in criminal cases. Learn more on our <a href=\"\/es\/victims-rights-public-policy\/\">Victims\u2019 Rights and Public Policy<\/a> page.<\/span><\/p><\/div>\n\t\t\t\t<\/div>\n\t\t\t\t\t\t\t\t<\/div>\n\t\t\t\t\t\t<\/div>\n\t\t\t\t<\/div>\n\t\t\t\t<\/div>\n\t\t\t\t\t<\/div>\n\t\t\t\t<\/div>\n\t\t<div data-particle_enable=\"false\" data-particle-mobile-disabled=\"false\" class=\"elementor-element elementor-element-a2b59be e-flex e-con-boxed e-con e-parent\" data-id=\"a2b59be\" data-element_type=\"container\" data-e-type=\"container\" data-settings=\"{&quot;_ha_eqh_enable&quot;:false}\">\n\t\t\t\t\t<div class=\"e-con-inner\">\n\t\t\t\t<div class=\"elementor-element elementor-element-e7fbc55 elementor-widget elementor-widget-heading\" data-id=\"e7fbc55\" data-element_type=\"widget\" data-e-type=\"widget\" data-widget_type=\"heading.default\">\n\t\t\t\t<div class=\"elementor-widget-container\">\n\t\t\t\t\t<h2 class=\"elementor-heading-title elementor-size-default\">contenido relacionado<\/h2>\t\t\t\t<\/div>\n\t\t\t\t<\/div>\n\t\t<div data-particle_enable=\"false\" data-particle-mobile-disabled=\"false\" class=\"elementor-element elementor-element-b7f535e e-grid e-con-boxed e-con e-child\" data-id=\"b7f535e\" data-element_type=\"container\" data-e-type=\"container\" data-settings=\"{&quot;_ha_eqh_enable&quot;:false}\">\n\t\t\t\t\t<div class=\"e-con-inner\">\n\t\t<div data-particle_enable=\"false\" data-particle-mobile-disabled=\"false\" class=\"elementor-element elementor-element-5c619a1 e-flex e-con-boxed e-con e-child\" data-id=\"5c619a1\" data-element_type=\"container\" data-e-type=\"container\" data-settings=\"{&quot;background_background&quot;:&quot;classic&quot;,&quot;_ha_eqh_enable&quot;:false}\">\n\t\t\t\t\t<div class=\"e-con-inner\">\n\t\t<a data-particle_enable=\"false\" data-particle-mobile-disabled=\"false\" class=\"elementor-element elementor-element-e4426a1 e-flex e-con-boxed e-con e-child\" data-id=\"e4426a1\" data-element_type=\"container\" data-e-type=\"container\" data-settings=\"{&quot;background_background&quot;:&quot;classic&quot;,&quot;_ha_eqh_enable&quot;:false}\">\n\t\t\t\t\t<div class=\"e-con-inner\">\n\t\t\t\t<div class=\"elementor-element elementor-element-a3e4183 elementor-widget elementor-widget-heading\" data-id=\"a3e4183\" data-element_type=\"widget\" data-e-type=\"widget\" data-widget_type=\"heading.default\">\n\t\t\t\t<div class=\"elementor-widget-container\">\n\t\t\t\t\t<h3 class=\"elementor-heading-title elementor-size-default\">Convi\u00e9rtete en miembro de NOVA<\/h3>\t\t\t\t<\/div>\n\t\t\t\t<\/div>\n\t\t\t\t<div class=\"elementor-element elementor-element-40fea20 elementor-widget elementor-widget-text-editor\" data-id=\"40fea20\" data-element_type=\"widget\" data-e-type=\"widget\" data-widget_type=\"text-editor.default\">\n\t\t\t\t<div class=\"elementor-widget-container\">\n\t\t\t\t\t\t\t\t\t<p><span style=\"font-weight: 400;\">Access to free trainings, networking, events, and more.<\/span><\/p>\t\t\t\t\t\t\t\t<\/div>\n\t\t\t\t<\/div>\n\t\t\t\t<div class=\"elementor-element elementor-element-7fe1313 elementor-widget elementor-widget-text-editor\" data-id=\"7fe1313\" data-element_type=\"widget\" data-e-type=\"widget\" data-widget_type=\"text-editor.default\">\n\t\t\t\t<div class=\"elementor-widget-container\">\n\t\t\t\t\t\t\t\t\t<p><a href=\"\/es\/join-membership\/\"><strong>Apply Today &gt;<\/strong><\/a><\/p>\t\t\t\t\t\t\t\t<\/div>\n\t\t\t\t<\/div>\n\t\t\t\t\t<\/div>\n\t\t\t\t<\/a>\n\t\t\t\t\t<\/div>\n\t\t\t\t<\/div>\n\t\t<div data-particle_enable=\"false\" data-particle-mobile-disabled=\"false\" class=\"elementor-element elementor-element-3055ca1 e-flex e-con-boxed e-con e-child\" data-id=\"3055ca1\" data-element_type=\"container\" data-e-type=\"container\" data-settings=\"{&quot;background_background&quot;:&quot;classic&quot;,&quot;_ha_eqh_enable&quot;:false}\">\n\t\t\t\t\t<div class=\"e-con-inner\">\n\t\t<a data-particle_enable=\"false\" data-particle-mobile-disabled=\"false\" class=\"elementor-element elementor-element-a7e025d e-flex e-con-boxed e-con e-child\" data-id=\"a7e025d\" data-element_type=\"container\" data-e-type=\"container\" data-settings=\"{&quot;background_background&quot;:&quot;classic&quot;,&quot;_ha_eqh_enable&quot;:false}\">\n\t\t\t\t\t<div class=\"e-con-inner\">\n\t\t\t\t<div class=\"elementor-element elementor-element-baf7105 elementor-widget elementor-widget-heading\" data-id=\"baf7105\" data-element_type=\"widget\" data-e-type=\"widget\" data-widget_type=\"heading.default\">\n\t\t\t\t<div class=\"elementor-widget-container\">\n\t\t\t\t\t<h3 class=\"elementor-heading-title elementor-size-default\">Consulte la formaci\u00f3n CRT de NOVA<\/h3>\t\t\t\t<\/div>\n\t\t\t\t<\/div>\n\t\t\t\t<div class=\"elementor-element elementor-element-cdb1dfa elementor-widget elementor-widget-text-editor\" data-id=\"cdb1dfa\" data-element_type=\"widget\" data-e-type=\"widget\" data-widget_type=\"text-editor.default\">\n\t\t\t\t<div class=\"elementor-widget-container\">\n\t\t\t\t\t\t\t\t\t<p><span style=\"font-weight: 400;\">Niveles b\u00e1sico y avanzado ofrecidos para la capacitaci\u00f3n del equipo de respuesta a crisis (CRT)<\/span>.<\/p>\t\t\t\t\t\t\t\t<\/div>\n\t\t\t\t<\/div>\n\t\t\t\t<div class=\"elementor-element elementor-element-b788858 elementor-widget elementor-widget-text-editor\" data-id=\"b788858\" data-element_type=\"widget\" data-e-type=\"widget\" data-widget_type=\"text-editor.default\">\n\t\t\t\t<div class=\"elementor-widget-container\">\n\t\t\t\t\t\t\t\t\t<p><strong><a href=\"\/es\/crisis-response-team-training\/\">M\u00e1s informaci\u00f3n aqu\u00ed &gt;<\/a><\/strong><\/p>\t\t\t\t\t\t\t\t<\/div>\n\t\t\t\t<\/div>\n\t\t\t\t\t<\/div>\n\t\t\t\t<\/a>\n\t\t\t\t\t<\/div>\n\t\t\t\t<\/div>\n\t\t<div data-particle_enable=\"false\" data-particle-mobile-disabled=\"false\" class=\"elementor-element elementor-element-28f126a e-flex e-con-boxed e-con e-child\" data-id=\"28f126a\" data-element_type=\"container\" data-e-type=\"container\" data-settings=\"{&quot;background_background&quot;:&quot;classic&quot;,&quot;_ha_eqh_enable&quot;:false}\">\n\t\t\t\t\t<div class=\"e-con-inner\">\n\t\t<a data-particle_enable=\"false\" data-particle-mobile-disabled=\"false\" class=\"elementor-element elementor-element-cba6dca e-flex e-con-boxed e-con e-child\" data-id=\"cba6dca\" data-element_type=\"container\" data-e-type=\"container\" data-settings=\"{&quot;background_background&quot;:&quot;classic&quot;,&quot;_ha_eqh_enable&quot;:false}\">\n\t\t\t\t\t<div class=\"e-con-inner\">\n\t\t\t\t<div class=\"elementor-element elementor-element-84aac4c elementor-widget elementor-widget-heading\" data-id=\"84aac4c\" data-element_type=\"widget\" data-e-type=\"widget\" data-widget_type=\"heading.default\">\n\t\t\t\t<div class=\"elementor-widget-container\">\n\t\t\t\t\t<h3 class=\"elementor-heading-title elementor-size-default\">Learn about NOVA\u2019s Victim Assistance Academy<\/h3>\t\t\t\t<\/div>\n\t\t\t\t<\/div>\n\t\t\t\t<div class=\"elementor-element elementor-element-7dbea86 elementor-widget elementor-widget-text-editor\" data-id=\"7dbea86\" data-element_type=\"widget\" data-e-type=\"widget\" data-widget_type=\"text-editor.default\">\n\t\t\t\t<div class=\"elementor-widget-container\">\n\t\t\t\t\t\t\t\t\t<p><span style=\"font-weight: 400;\">NOVA\u2019s 40-hour foundational level training for new and aspiring advocates<\/span>.<\/p>\t\t\t\t\t\t\t\t<\/div>\n\t\t\t\t<\/div>\n\t\t\t\t<div class=\"elementor-element elementor-element-e0c8923 elementor-widget elementor-widget-text-editor\" data-id=\"e0c8923\" data-element_type=\"widget\" data-e-type=\"widget\" data-widget_type=\"text-editor.default\">\n\t\t\t\t<div class=\"elementor-widget-container\">\n\t\t\t\t\t\t\t\t\t<p><strong><a href=\"\/es\/nova-victim-assistance-academy\/\">Register here &gt;<\/a><\/strong><\/p>\t\t\t\t\t\t\t\t<\/div>\n\t\t\t\t<\/div>\n\t\t\t\t\t<\/div>\n\t\t\t\t<\/a>\n\t\t\t\t\t<\/div>\n\t\t\t\t<\/div>\n\t\t\t\t\t<\/div>\n\t\t\t\t<\/div>\n\t\t\t\t\t<\/div>\n\t\t\t\t<\/div>\n\t\t\t\t<\/div>","protected":false},"excerpt":{"rendered":"<p>This year, a field-generated NCVRW observation centers CommUNITY. It lifts up survivor-centered, community-driven innovation grounded in shared humanity and collective care. A CommUNITY creating a space for programs nationwide to connect, learn from one another, and amplify impact together.<\/p>","protected":false},"featured_media":995,"parent":0,"template":"","meta":{"_acf_changed":false,"_eb_attr":"","content-type":"","footnotes":""},"class_list":["post-276","events","type-events","status-publish","has-post-thumbnail","hentry"],"acf":[],"yoast_head":"<!-- This site is optimized with the Yoast SEO plugin v27.5 - https:\/\/yoast.com\/product\/yoast-seo-wordpress\/ -->\n<title>National Crime Victims\u2019 Rights Week | NOVA<\/title>\n<meta name=\"robots\" content=\"index, follow, max-snippet:-1, max-image-preview:large, max-video-preview:-1\" \/>\n<link rel=\"canonical\" href=\"https:\/\/trynova.org\/es\/events\/national-crime-victims-rights-week\/\" \/>\n<meta property=\"og:locale\" content=\"es_MX\" \/>\n<meta property=\"og:type\" content=\"article\" \/>\n<meta property=\"og:title\" content=\"National Crime Victims\u2019 Rights Week | NOVA\" \/>\n<meta property=\"og:description\" content=\"This year, a field-generated NCVRW observation centers CommUNITY. It lifts up survivor-centered, community-driven innovation grounded in shared humanity and collective care. A CommUNITY creating a space for programs nationwide to connect, learn from one another, and amplify impact together.\" \/>\n<meta property=\"og:url\" content=\"https:\/\/trynova.org\/es\/events\/national-crime-victims-rights-week\/\" \/>\n<meta property=\"og:site_name\" content=\"NOVA\" \/>\n<meta property=\"article:publisher\" content=\"https:\/\/www.facebook.com\/NOVAVictims\" \/>\n<meta property=\"article:modified_time\" content=\"2026-03-12T18:59:28+00:00\" \/>\n<meta property=\"og:image\" content=\"https:\/\/trynova.org\/wp-content\/uploads\/2023\/09\/Conference-Attendees.png\" \/>\n\t<meta property=\"og:image:width\" content=\"600\" \/>\n\t<meta property=\"og:image:height\" content=\"600\" \/>\n\t<meta property=\"og:image:type\" content=\"image\/png\" \/>\n<meta name=\"twitter:card\" content=\"summary_large_image\" \/>\n<meta name=\"twitter:site\" content=\"@NOVAVictims\" \/>\n<meta name=\"twitter:label1\" content=\"Tiempo de lectura\" \/>\n\t<meta name=\"twitter:data1\" content=\"3 minutos\" \/>\n<script type=\"application\/ld+json\" class=\"yoast-schema-graph\">{\"@context\":\"https:\\\/\\\/schema.org\",\"@graph\":[{\"@type\":\"WebPage\",\"@id\":\"https:\\\/\\\/trynova.org\\\/events\\\/national-crime-victims-rights-week\\\/\",\"url\":\"https:\\\/\\\/trynova.org\\\/events\\\/national-crime-victims-rights-week\\\/\",\"name\":\"National Crime Victims\u2019 Rights Week | NOVA\",\"isPartOf\":{\"@id\":\"https:\\\/\\\/trynova.org\\\/#website\"},\"primaryImageOfPage\":{\"@id\":\"https:\\\/\\\/trynova.org\\\/events\\\/national-crime-victims-rights-week\\\/#primaryimage\"},\"image\":{\"@id\":\"https:\\\/\\\/trynova.org\\\/events\\\/national-crime-victims-rights-week\\\/#primaryimage\"},\"thumbnailUrl\":\"https:\\\/\\\/trynova.org\\\/wp-content\\\/uploads\\\/2023\\\/09\\\/Conference-Attendees.png\",\"datePublished\":\"2023-06-22T17:46:00+00:00\",\"dateModified\":\"2026-03-12T18:59:28+00:00\",\"breadcrumb\":{\"@id\":\"https:\\\/\\\/trynova.org\\\/events\\\/national-crime-victims-rights-week\\\/#breadcrumb\"},\"inLanguage\":\"es\",\"potentialAction\":[{\"@type\":\"ReadAction\",\"target\":[\"https:\\\/\\\/trynova.org\\\/events\\\/national-crime-victims-rights-week\\\/\"]}]},{\"@type\":\"ImageObject\",\"inLanguage\":\"es\",\"@id\":\"https:\\\/\\\/trynova.org\\\/events\\\/national-crime-victims-rights-week\\\/#primaryimage\",\"url\":\"https:\\\/\\\/trynova.org\\\/wp-content\\\/uploads\\\/2023\\\/09\\\/Conference-Attendees.png\",\"contentUrl\":\"https:\\\/\\\/trynova.org\\\/wp-content\\\/uploads\\\/2023\\\/09\\\/Conference-Attendees.png\",\"width\":600,\"height\":600},{\"@type\":\"BreadcrumbList\",\"@id\":\"https:\\\/\\\/trynova.org\\\/events\\\/national-crime-victims-rights-week\\\/#breadcrumb\",\"itemListElement\":[{\"@type\":\"ListItem\",\"position\":1,\"name\":\"Home\",\"item\":\"https:\\\/\\\/trynova.org\\\/\"},{\"@type\":\"ListItem\",\"position\":2,\"name\":\"Events\",\"item\":\"https:\\\/\\\/trynova.org\\\/events\\\/\"},{\"@type\":\"ListItem\",\"position\":3,\"name\":\"National Crime Victims\u2019 Rights Week\"}]},{\"@type\":\"WebSite\",\"@id\":\"https:\\\/\\\/trynova.org\\\/#website\",\"url\":\"https:\\\/\\\/trynova.org\\\/\",\"name\":\"National Organization for Victims Advocacy\",\"description\":\"Leading the Nation in Victim Services &amp; Crisis Response\",\"publisher\":{\"@id\":\"https:\\\/\\\/trynova.org\\\/#organization\"},\"alternateName\":\"NOVA\",\"potentialAction\":[{\"@type\":\"SearchAction\",\"target\":{\"@type\":\"EntryPoint\",\"urlTemplate\":\"https:\\\/\\\/trynova.org\\\/?s={search_term_string}\"},\"query-input\":{\"@type\":\"PropertyValueSpecification\",\"valueRequired\":true,\"valueName\":\"search_term_string\"}}],\"inLanguage\":\"es\"},{\"@type\":\"Organization\",\"@id\":\"https:\\\/\\\/trynova.org\\\/#organization\",\"name\":\"National Organization for Victims Adocacy\",\"alternateName\":\"NOVA\",\"url\":\"https:\\\/\\\/trynova.org\\\/\",\"logo\":{\"@type\":\"ImageObject\",\"inLanguage\":\"es\",\"@id\":\"https:\\\/\\\/trynova.org\\\/#\\\/schema\\\/logo\\\/image\\\/\",\"url\":\"https:\\\/\\\/trynova.org\\\/wp-content\\\/uploads\\\/2023\\\/05\\\/NOVA_Logo.png\",\"contentUrl\":\"https:\\\/\\\/trynova.org\\\/wp-content\\\/uploads\\\/2023\\\/05\\\/NOVA_Logo.png\",\"width\":792,\"height\":215,\"caption\":\"National Organization for Victims Adocacy\"},\"image\":{\"@id\":\"https:\\\/\\\/trynova.org\\\/#\\\/schema\\\/logo\\\/image\\\/\"},\"sameAs\":[\"https:\\\/\\\/www.facebook.com\\\/NOVAVictims\",\"https:\\\/\\\/x.com\\\/NOVAVictims\",\"https:\\\/\\\/www.linkedin.com\\\/company\\\/2746715?trk=tyah&trkInfo=clickedVerticalcompanyclickedEntityId2746715idx1-1-1tarId1459390743601tasnationalorganizationforvictim\",\"https:\\\/\\\/www.instagram.com\\\/novavictims\\\/\"]}]}<\/script>\n<!-- \/ Yoast SEO plugin. -->","yoast_head_json":{"title":"National Crime Victims\u2019 Rights Week | NOVA","robots":{"index":"index","follow":"follow","max-snippet":"max-snippet:-1","max-image-preview":"max-image-preview:large","max-video-preview":"max-video-preview:-1"},"canonical":"https:\/\/trynova.org\/es\/events\/national-crime-victims-rights-week\/","og_locale":"es_MX","og_type":"article","og_title":"National Crime Victims\u2019 Rights Week | NOVA","og_description":"This year, a field-generated NCVRW observation centers CommUNITY. It lifts up survivor-centered, community-driven innovation grounded in shared humanity and collective care. A CommUNITY creating a space for programs nationwide to connect, learn from one another, and amplify impact together.","og_url":"https:\/\/trynova.org\/es\/events\/national-crime-victims-rights-week\/","og_site_name":"NOVA","article_publisher":"https:\/\/www.facebook.com\/NOVAVictims","article_modified_time":"2026-03-12T18:59:28+00:00","og_image":[{"width":600,"height":600,"url":"https:\/\/trynova.org\/wp-content\/uploads\/2023\/09\/Conference-Attendees.png","type":"image\/png"}],"twitter_card":"summary_large_image","twitter_site":"@NOVAVictims","twitter_misc":{"Tiempo de lectura":"3 minutos"},"schema":{"@context":"https:\/\/schema.org","@graph":[{"@type":"WebPage","@id":"https:\/\/trynova.org\/events\/national-crime-victims-rights-week\/","url":"https:\/\/trynova.org\/events\/national-crime-victims-rights-week\/","name":"National Crime Victims\u2019 Rights Week | NOVA","isPartOf":{"@id":"https:\/\/trynova.org\/#website"},"primaryImageOfPage":{"@id":"https:\/\/trynova.org\/events\/national-crime-victims-rights-week\/#primaryimage"},"image":{"@id":"https:\/\/trynova.org\/events\/national-crime-victims-rights-week\/#primaryimage"},"thumbnailUrl":"https:\/\/trynova.org\/wp-content\/uploads\/2023\/09\/Conference-Attendees.png","datePublished":"2023-06-22T17:46:00+00:00","dateModified":"2026-03-12T18:59:28+00:00","breadcrumb":{"@id":"https:\/\/trynova.org\/events\/national-crime-victims-rights-week\/#breadcrumb"},"inLanguage":"es","potentialAction":[{"@type":"ReadAction","target":["https:\/\/trynova.org\/events\/national-crime-victims-rights-week\/"]}]},{"@type":"ImageObject","inLanguage":"es","@id":"https:\/\/trynova.org\/events\/national-crime-victims-rights-week\/#primaryimage","url":"https:\/\/trynova.org\/wp-content\/uploads\/2023\/09\/Conference-Attendees.png","contentUrl":"https:\/\/trynova.org\/wp-content\/uploads\/2023\/09\/Conference-Attendees.png","width":600,"height":600},{"@type":"BreadcrumbList","@id":"https:\/\/trynova.org\/events\/national-crime-victims-rights-week\/#breadcrumb","itemListElement":[{"@type":"ListItem","position":1,"name":"Home","item":"https:\/\/trynova.org\/"},{"@type":"ListItem","position":2,"name":"Events","item":"https:\/\/trynova.org\/events\/"},{"@type":"ListItem","position":3,"name":"National Crime Victims\u2019 Rights Week"}]},{"@type":"WebSite","@id":"https:\/\/trynova.org\/#website","url":"https:\/\/trynova.org\/","name":"National Organization for Victims Advocacy","description":"Liderando la Naci\u00f3n en Servicios para V\u00edctimas y Respuesta a Crisis","publisher":{"@id":"https:\/\/trynova.org\/#organization"},"alternateName":"NOVA","potentialAction":[{"@type":"SearchAction","target":{"@type":"EntryPoint","urlTemplate":"https:\/\/trynova.org\/?s={search_term_string}"},"query-input":{"@type":"PropertyValueSpecification","valueRequired":true,"valueName":"search_term_string"}}],"inLanguage":"es"},{"@type":"Organization","@id":"https:\/\/trynova.org\/#organization","name":"National Organization for Victims Adocacy","alternateName":"NOVA","url":"https:\/\/trynova.org\/","logo":{"@type":"ImageObject","inLanguage":"es","@id":"https:\/\/trynova.org\/#\/schema\/logo\/image\/","url":"https:\/\/trynova.org\/wp-content\/uploads\/2023\/05\/NOVA_Logo.png","contentUrl":"https:\/\/trynova.org\/wp-content\/uploads\/2023\/05\/NOVA_Logo.png","width":792,"height":215,"caption":"National Organization for Victims Adocacy"},"image":{"@id":"https:\/\/trynova.org\/#\/schema\/logo\/image\/"},"sameAs":["https:\/\/www.facebook.com\/NOVAVictims","https:\/\/x.com\/NOVAVictims","https:\/\/www.linkedin.com\/company\/2746715?trk=tyah&trkInfo=clickedVerticalcompanyclickedEntityId2746715idx1-1-1tarId1459390743601tasnationalorganizationforvictim","https:\/\/www.instagram.com\/novavictims\/"]}]}},"_links":{"self":[{"href":"https:\/\/trynova.org\/es\/wp-json\/wp\/v2\/events\/276","targetHints":{"allow":["GET"]}}],"collection":[{"href":"https:\/\/trynova.org\/es\/wp-json\/wp\/v2\/events"}],"about":[{"href":"https:\/\/trynova.org\/es\/wp-json\/wp\/v2\/types\/events"}],"version-history":[{"count":0,"href":"https:\/\/trynova.org\/es\/wp-json\/wp\/v2\/events\/276\/revisions"}],"wp:featuredmedia":[{"embeddable":true,"href":"https:\/\/trynova.org\/es\/wp-json\/wp\/v2\/media\/995"}],"wp:attachment":[{"href":"https:\/\/trynova.org\/es\/wp-json\/wp\/v2\/media?parent=276"}],"curies":[{"name":"wp","href":"https:\/\/api.w.org\/{rel}","templated":true}]}}